{"id":17836,"date":"2023-01-20T09:24:47","date_gmt":"2023-01-20T08:24:47","guid":{"rendered":"https:\/\/backup.gnist.dev\/sambib\/?page_id=17836"},"modified":"2023-02-14T14:00:05","modified_gmt":"2023-02-14T13:00:05","slug":"samenes-nasjonaldag-6-februar-og-samisk-uke-2023","status":"publish","type":"page","link":"https:\/\/backup.gnist.dev\/sambib\/samenes-nasjonaldag-6-februar-og-samisk-uke-2023\/","title":{"rendered":"Samenes nasjonaldag 6. februar og samisk uke 2023"},"content":{"rendered":"<p><img data-recalc-dims=\"1\" loading=\"lazy\" decoding=\"async\" class=\"alignnone wp-image-17802\" src=\"https:\/\/i0.wp.com\/backup.gnist.dev\/sambib\/wp-content\/uploads\/2023\/01\/standard_Sami_flag.svg_.png?resize=366%2C272&#038;ssl=1\" alt=\"\" width=\"366\" height=\"272\" srcset=\"https:\/\/i0.wp.com\/backup.gnist.dev\/sambib\/wp-content\/uploads\/2023\/01\/standard_Sami_flag.svg_.png?resize=300%2C223&amp;ssl=1 300w, https:\/\/i0.wp.com\/backup.gnist.dev\/sambib\/wp-content\/uploads\/2023\/01\/standard_Sami_flag.svg_.png?resize=768%2C570&amp;ssl=1 768w, https:\/\/i0.wp.com\/backup.gnist.dev\/sambib\/wp-content\/uploads\/2023\/01\/standard_Sami_flag.svg_.png?w=800&amp;ssl=1 800w\" sizes=\"auto, (max-width: 366px) 100vw, 366px\" \/><\/p>\n<p>6. februar feires <a href=\"https:\/\/no.wikipedia.org\/wiki\/Samenes_nasjonaldag\">samenes nasjonaldag<\/a> i Norge, Sverige, Finland og Russland. Dagen har ogs\u00e5 navnet Samefolkets dag og Samisk folkedag. Samefolkets dag feires til minne om det f\u00f8rste samiske landsm\u00f8tet som fant sted i Trondheim 6. februar 1917. For f\u00f8rste gang m\u00f8ttes samer fra svensk og norsk side for \u00e5 arbeide for felles samiske saker over grensene. Den samiske nasjonaldagen ble vedtatt p\u00e5 Samekonferansen i 1992, og ble feiret for f\u00f8rste gang i 1993. I 2003 ble 6. februar offisiell flaggdag i Norge.<\/p>\n<h2><strong>Arrangement i folkebibliotekene<\/strong><\/h2>\n<p><img data-recalc-dims=\"1\" loading=\"lazy\" decoding=\"async\" class=\"alignnone wp-image-17804\" src=\"https:\/\/i0.wp.com\/backup.gnist.dev\/sambib\/wp-content\/uploads\/2023\/01\/Internatliv-Ingjerd-Tjelle.png?resize=364%2C193&#038;ssl=1\" alt=\"\" width=\"364\" height=\"193\" srcset=\"https:\/\/i0.wp.com\/backup.gnist.dev\/sambib\/wp-content\/uploads\/2023\/01\/Internatliv-Ingjerd-Tjelle.png?resize=300%2C159&amp;ssl=1 300w, https:\/\/i0.wp.com\/backup.gnist.dev\/sambib\/wp-content\/uploads\/2023\/01\/Internatliv-Ingjerd-Tjelle.png?resize=1024%2C543&amp;ssl=1 1024w, https:\/\/i0.wp.com\/backup.gnist.dev\/sambib\/wp-content\/uploads\/2023\/01\/Internatliv-Ingjerd-Tjelle.png?resize=768%2C408&amp;ssl=1 768w, https:\/\/i0.wp.com\/backup.gnist.dev\/sambib\/wp-content\/uploads\/2023\/01\/Internatliv-Ingjerd-Tjelle.png?resize=1536%2C815&amp;ssl=1 1536w, https:\/\/i0.wp.com\/backup.gnist.dev\/sambib\/wp-content\/uploads\/2023\/01\/Internatliv-Ingjerd-Tjelle.png?w=1551&amp;ssl=1 1551w\" sizes=\"auto, (max-width: 364px) 100vw, 364px\" \/><\/p>\n<p><strong>Internatliv &#8211; den unike historien om skoleinternatene i Finnmark\u00a0<\/strong><\/p>\n<p>Foredrag av Ingjerd Tjelle<\/p>\n<p>Torsdag 9. februar kl. 18.00 p\u00e5 S\u00f8r-Varanger bibliotek &#8211; arrangementet str\u00f8mmes direkte \u00e5pent for alle. Vi oppfordrer bibliotekene i Troms og Finnmark til \u00e5 str\u00f8mme arrangementet direkte. For de som ikke har mulighet da er det anledning \u00e5 vise opptaket i sitt bibliotek inntil en uke etter.<\/p>\n<p>Str\u00f8mmes fra S\u00f8r-Varanger biblioteks facebook-side: (Sendingen begynner ca. 8 min p\u00e5 videoen) <a href=\"https:\/\/www.facebook.com\/100064311416891\/videos\/5828156370638415\">https:\/\/www.facebook.com\/events\/490959306555454?ref=newsfeed<\/a><\/p>\n<p>&nbsp;<\/p>\n<p>Ingjerd Tjelle holder foredraget p\u00e5<a href=\"https:\/\/www.facebook.com\/events\/905067403828061\"> <strong>Balsfjord folkebibliotek<\/strong><\/a> 2. februar kl. 18.00 og <a href=\"https:\/\/www.facebook.com\/events\/1907269766306216?ref=newsfeed\"><strong>Troms\u00f8 bibliotek- og byarkiv<\/strong> <\/a>3. februar kl. 13.00.<\/p>\n<p>Lengst nord i Norge finnes det historier om barndom og skolegang som er helt annerledes enn i resten av landet. Historier om skolebarn som ble atskilt fra hjem og foreldre, og som ble nektet \u00e5 snakke spr\u00e5ket sitt. Det handler om tap og skam, men ogs\u00e5 om et skoletilbud i rask forbedring.<\/p>\n<p>Ingen andre steder i Europa ble det over en s\u00e5 kort periode bygget s\u00e5 mange skoleinternater som i Finnmark. Noe av \u00e5rsaken var \u00f8nsket om \u00e5 fornorske de samiske, kvenske og finske barna i Finnmark, \u00e5 bygge nasjonen Norge, og \u00e5 markere norsk suverenitet i grenseomr\u00e5dene mot Finland og Russland.<\/p>\n<p>Journalist, forfatter og formidler Ingjerd Tjelle har gjort et grundig og omfattende arbeid med \u00e5 dokumentere ulike sider ved denne viktige delen av Finnmark historie. Boka gir et bredt bilde av livet p\u00e5 internatskolene og om bakgrunnen for hvorfor internatene ble bygd.<\/p>\n<p><strong>B\u00f8ker om livet p\u00e5 internatene:\u00a0<\/strong><\/p>\n<p>Laestadius, A.: <a href=\"https:\/\/backup.gnist.dev\/sambib\/2023\/01\/23\/ann-helen-laestadius-straff\/\">Straff<\/a> (2023)<\/p>\n<p>Tjelle, I.:<a href=\"https:\/\/backup.gnist.dev\/sambib\/2022\/06\/15\/ingjerd-tjelle-internatliv-den-unike-historien-om-skoleinternatene-i-finnmark\/\"> Internatliv &#8211; den unike historien om skoleinternatene i Finnmark<\/a> (2022)<\/p>\n<p>Nedrejord, K.: <a href=\"https:\/\/backup.gnist.dev\/sambib\/2020\/11\/06\/kathrine-nedrejord-lappjaevel\/\">Lappj\u00e6vel!<\/a> (2020) (finnes i Bookbites)<\/p>\n<p>Solstad, R.: <a href=\"https:\/\/backup.gnist.dev\/sambib\/2020\/02\/19\/rakel-solstad-i-for-internatunge\/\">I for internatunge<\/a> (2019) (finnes i Bookbites)<\/p>\n<p>Nedrejord, K.: <a href=\"https:\/\/www.bibsent.no\/boker-medier\/boker\/skjonnlitteratur\/samtidsdramatikk-2017-9788275963886\">Internert<\/a> (i Samtidsdramatikk 2017)<\/p>\n<p>Nordlund, H.: <a href=\"https:\/\/backup.gnist.dev\/sambib\/2016\/03\/01\/harriet-nordlund-ardda\/\">\u00c5rdd\u00e5 &#8211; vid tr\u00e4dgr\u00e4nsen<\/a> (2016)<\/p>\n<p>Eira, J. E.: <a href=\"https:\/\/backup.gnist.dev\/sambib\/2011\/09\/07\/john-einar-eira-jeaggejogas-mearariikii\/\">Jeaggejogas mearariikii<\/a> (2011)<\/p>\n<p>Tjelle, I.: <a href=\"https:\/\/www.nb.no\/items\/9af779c27df427c9e0a1cac6d1059e2e?page=7&amp;searchText=bortsendt%20og%20internert\">Bortsendt og internert &#8211; m\u00f8ter med internatbarn<\/a> (2000) (tilgjengelig i NB Nettbiblioteket)<\/p>\n<p><a href=\"https:\/\/www.nb.no\/items\/32120b4a7c1f522477d22ee9dea0bb0a?page=0&amp;searchText=ellen%20marie%20vars\">Vars, E. M.: K\u00e1tj\u00e1 &#8211; roman fra samisk milj\u00f8 -for ungdom i alle aldre<\/a> (1988) (tilgjengelig i NB nettbiblioteket)<\/p>\n<p>Vars, E. M. : <a href=\"https:\/\/www.nb.no\/items\/372785332312fb839f6e124c2f7d959b?page=3&amp;searchText=ellen%20marie%20vars\">K\u00e1tj\u00e1<\/a> (1986) nordsamisk tekst \/<a href=\"https:\/\/backup.gnist.dev\/sambib\/2020\/11\/10\/elle-marja-vars-katja\/\">K\u00e1tj\u00e1 &#8211; rom\u00e1na<\/a> (2020) nyutgivelse (tilgjengelig i NB &#8211; nettbiblioteket)<\/p>\n<p>&nbsp;<\/p>\n<p><strong><img data-recalc-dims=\"1\" loading=\"lazy\" decoding=\"async\" class=\"size-medium wp-image-17969 alignleft\" src=\"https:\/\/i0.wp.com\/backup.gnist.dev\/sambib\/wp-content\/uploads\/2023\/02\/thumbnail_20230131_211637.jpg?resize=169%2C300&#038;ssl=1\" alt=\"\" width=\"169\" height=\"300\" srcset=\"https:\/\/i0.wp.com\/backup.gnist.dev\/sambib\/wp-content\/uploads\/2023\/02\/thumbnail_20230131_211637.jpg?resize=169%2C300&amp;ssl=1 169w, https:\/\/i0.wp.com\/backup.gnist.dev\/sambib\/wp-content\/uploads\/2023\/02\/thumbnail_20230131_211637.jpg?resize=576%2C1024&amp;ssl=1 576w, https:\/\/i0.wp.com\/backup.gnist.dev\/sambib\/wp-content\/uploads\/2023\/02\/thumbnail_20230131_211637.jpg?w=720&amp;ssl=1 720w\" sizes=\"auto, (max-width: 169px) 100vw, 169px\" \/>Om samisk tilflytting til Senja og Midt-Troms p\u00e5 1700-tallet <\/strong>&#8211; og om korss\u2019n gryllefj\u00e6ringen K\u00e5re blei interessert i samisk historie (43 min.)<\/p>\n<p><a href=\"https:\/\/youtu.be\/wipzzTmngTU\" target=\"_blank\" rel=\"noopener\">H\u00f8r foredraget av historiker K\u00e5re Rau\u00f8<\/a><\/p>\n<p>Cand. philol. K\u00e5re Rau\u00f8 foredrar om samiske utflyttere fra Torne lappmark som p\u00e5 1700-tallet slo seg ned i Midt-Troms og ryddet g\u00e5rder i marka. Det er spesielt flyttinga i tidsrommet 1760 til 1800 Rau\u00f8 setter s\u00f8kelys p\u00e5.<\/p>\n<p>Drivkrafta bak utflytting og nyetablering synes f\u00f8rst og fremst \u00e5 kunne knyttes til vanskelige \u00e5r i reindrifta, b\u00e5de p\u00e5 grunn av v\u00e6rmessige vanskelige forhold, sykdom p\u00e5 reinsdyrene og flere grasserende koppeepidemier i lappmarkene.<\/p>\n<p>K\u00e5re Rau\u00f8 forteller om strabasi\u00f8se \u00e5r, men ogs\u00e5 om livskraft og vilje til overlevelse.<\/p>\n<p>Rau\u00f8 har hovedfag i historie, med samisk flytting fra Torne lappmark til kysten av Troms som spesialfelt. Hans hovedfagsoppgave <em>Fra Torne\u00e5 Lappmark til W\u00e4stersi\u00f6n. Samiske flytninger 1590 \u2013 1800<\/em> kan fjernl\u00e5nes fra UiT Norges arktiske universitet. Rau\u00f8 har bakgrunn som l\u00e6rer og museumsbestyrer.<\/p>\n<p>Foredraget er skrevet p\u00e5 bestilling av Senja bibliotek og st\u00f8ttet av Troms og Finnmark fylkesbibliotek og Regionalt biblioteksamarbeid i Midt-Troms.<\/p>\n<p><a href=\"https:\/\/www.senjabibliotek.no\/\">Foredraget er ogs\u00e5 tilgjengelig p\u00e5 Senja biblioteks nettside<\/a>.<\/p>\n<p>&nbsp;<\/p>\n<p><img data-recalc-dims=\"1\" loading=\"lazy\" decoding=\"async\" class=\"wp-image-17389 alignleft\" src=\"https:\/\/i0.wp.com\/backup.gnist.dev\/sambib\/wp-content\/uploads\/2022\/10\/Helsingfrasameland.jpg?resize=119%2C163&#038;ssl=1\" alt=\"\" width=\"119\" height=\"163\" srcset=\"https:\/\/i0.wp.com\/backup.gnist.dev\/sambib\/wp-content\/uploads\/2022\/10\/Helsingfrasameland.jpg?resize=219%2C300&amp;ssl=1 219w, https:\/\/i0.wp.com\/backup.gnist.dev\/sambib\/wp-content\/uploads\/2022\/10\/Helsingfrasameland.jpg?resize=748%2C1024&amp;ssl=1 748w, https:\/\/i0.wp.com\/backup.gnist.dev\/sambib\/wp-content\/uploads\/2022\/10\/Helsingfrasameland.jpg?resize=768%2C1051&amp;ssl=1 768w, https:\/\/i0.wp.com\/backup.gnist.dev\/sambib\/wp-content\/uploads\/2022\/10\/Helsingfrasameland.jpg?resize=1122%2C1536&amp;ssl=1 1122w, https:\/\/i0.wp.com\/backup.gnist.dev\/sambib\/wp-content\/uploads\/2022\/10\/Helsingfrasameland.jpg?resize=1496%2C2048&amp;ssl=1 1496w, https:\/\/i0.wp.com\/backup.gnist.dev\/sambib\/wp-content\/uploads\/2022\/10\/Helsingfrasameland.jpg?w=1812&amp;ssl=1 1812w, https:\/\/i0.wp.com\/backup.gnist.dev\/sambib\/wp-content\/uploads\/2022\/10\/Helsingfrasameland.jpg?w=1050&amp;ssl=1 1050w, https:\/\/i0.wp.com\/backup.gnist.dev\/sambib\/wp-content\/uploads\/2022\/10\/Helsingfrasameland.jpg?w=1575&amp;ssl=1 1575w\" sizes=\"auto, (max-width: 119px) 100vw, 119px\" \/><strong>Nils-Aslak V\u00e4lkeap\u00e4\u00e4: Helsing fr\u00e5 Sameland<\/strong><\/p>\n<p>Valkeap\u00e4\u00e4s debutbok, <a href=\"https:\/\/backup.gnist.dev\/sambib\/2022\/10\/18\/nils-aslak-valkeapaa-helsing-fra-sameland-politisk-pamflet\/\">\u00a0Helsing fr\u00e5 Sameland \u2013 politisk pamflet<\/a> ble gitt ut p\u00e5 nytt av Pax forlag i 2022. Den ble f\u00f8rst gitt ut p\u00e5 finsk i 1971.<\/p>\n<p>Sigbj\u00f8rn Sk\u00e5den oppfordret i sitt k\u00e5seri Helsing fr\u00e5 Sameland (2022) at boka burde bli gitt ut p\u00e5 nytt. Det blir ny anledning til \u00e5 med seg Sk\u00e5dens k\u00e5seri i uke 6. Den blir lagt ut digitalt og er tilgjengelig for alle hele uke 6.<\/p>\n<p><b style=\"font-size: 1rem;\"><img data-recalc-dims=\"1\" loading=\"lazy\" decoding=\"async\" class=\"wp-image-16058 alignleft\" src=\"https:\/\/i0.wp.com\/backup.gnist.dev\/sambib\/wp-content\/uploads\/2022\/01\/helsing-fra-sameland-174x300.jpg?resize=91%2C157\" alt=\"\" width=\"91\" height=\"157\" srcset=\"https:\/\/i0.wp.com\/backup.gnist.dev\/sambib\/wp-content\/uploads\/2022\/01\/helsing-fra-sameland.jpg?resize=174%2C300&amp;ssl=1 174w, https:\/\/i0.wp.com\/backup.gnist.dev\/sambib\/wp-content\/uploads\/2022\/01\/helsing-fra-sameland.jpg?w=250&amp;ssl=1 250w\" sizes=\"auto, (max-width: 91px) 100vw, 91px\" \/>Sigbj\u00f8rn Sk\u00e5den \u2013 Helsing fr\u00e5 Sameland <\/b><\/p>\n<p>K\u00e5seri om \u00a0<a href=\"https:\/\/snl.no\/Nils-Aslak_Valkeap%C3%A4%C3%A4\">Nils-Aslak Valkeap\u00e4\u00e4<\/a> hvor <a href=\"https:\/\/snl.no\/Sigbj%C3%B8rn_Sk%C3%A5den\">Sigbj\u00f8rn Sk\u00e5den<\/a> bruker hans f\u00f8rste bokutgivelse <i>Helsing fr\u00e5 Sameland<\/i>, opprinnelig utgitt p\u00e5 finsk i 1971. Boka beskriver hvordan samenes rettigheter til land og vann er truet. I tillegg beskrives endringer i naturen under p\u00e5virkning av storsamfunnets vekst. Sk\u00e5den ser Valkeap\u00e4\u00e4s tanker fra 1970-tallet i lys av dagens oppmerksomhet rundt forvaltning av naturressurser, b\u00e6rekraft og samefolkets kamp for bevaring av egen kultur og livsvilk\u00e5r. Opprinnelig holdt som innledning til en panelsamtale om Valkeap\u00e4\u00e4 p\u00e5 Ordkalotten 2021. (ca. 10 min.)<\/p>\n<p><a href=\"https:\/\/youtu.be\/t8f9TK-0XZs\" target=\"_blank\" rel=\"noopener\">H\u00f8r Sigbj\u00f8rn Sk\u00e5dens k\u00e5seri om Nils-Aslak Valkeap\u00e4\u00e4 <\/a>(22 min.)<\/p>\n<p>For de som er i Troms\u00f8 9. februar er det mulig \u00e5 f\u00e5 med seg:<\/p>\n<p><a href=\"https:\/\/www.facebook.com\/events\/736693568064779\">Torjer A. Olsen presenterer \u00abHelsing fr\u00e5 Sameland\u00bb av Nils-Aslak Valkeap\u00e4\u00e4<\/a><\/p>\n<p>Torsdag 9\/2-kl. 20.00, Framsentret, Troms\u00f8<\/p>\n<p><strong><img data-recalc-dims=\"1\" loading=\"lazy\" decoding=\"async\" class=\" wp-image-17973 alignleft\" src=\"https:\/\/i0.wp.com\/backup.gnist.dev\/sambib\/wp-content\/uploads\/2023\/02\/326122976_580504903522435_4979874279941633695_n.jpg?resize=158%2C198&#038;ssl=1\" alt=\"\" width=\"158\" height=\"198\" srcset=\"https:\/\/i0.wp.com\/backup.gnist.dev\/sambib\/wp-content\/uploads\/2023\/02\/326122976_580504903522435_4979874279941633695_n.jpg?resize=240%2C300&amp;ssl=1 240w, https:\/\/i0.wp.com\/backup.gnist.dev\/sambib\/wp-content\/uploads\/2023\/02\/326122976_580504903522435_4979874279941633695_n.jpg?resize=819%2C1024&amp;ssl=1 819w, https:\/\/i0.wp.com\/backup.gnist.dev\/sambib\/wp-content\/uploads\/2023\/02\/326122976_580504903522435_4979874279941633695_n.jpg?resize=768%2C960&amp;ssl=1 768w, https:\/\/i0.wp.com\/backup.gnist.dev\/sambib\/wp-content\/uploads\/2023\/02\/326122976_580504903522435_4979874279941633695_n.jpg?w=937&amp;ssl=1 937w\" sizes=\"auto, (max-width: 158px) 100vw, 158px\" \/>Samiske stedsnavn<\/strong><\/p>\n<p><span class=\"x_ContentPasted0\" dir=\"auto\"><a href=\"https:\/\/uit.no\/ansatte\/lisa.m.aslaksen\">Lisa Monica Aslaksen<\/a> turnerer i Midt-Troms med foredrag om samiske stedsnavn.\u00a0<\/span><\/p>\n<p><span class=\"x_ContentPasted0\" dir=\"auto\">Har du noen gang tenkt p\u00e5 hva det samiske navnet Geatkej\u00e1vri betyr? P\u00e5\u00a0kartet st\u00e5r det p\u00e5 norsk Fjellfroskvatnet. \u00a0Eller hva med Devddesj\u00e1vri eller D\u00f8desvatnet p\u00e5 norsk. Betyr navnene det samme p\u00e5 samisk og norsk?<br \/>\n<\/span><\/p>\n<p><span class=\"x_ContentPasted0\" dir=\"auto\">Aslaksen gir en innf\u00f8ring til samiske stedsnavn i det flerspr\u00e5klige Troms og Finnmark. Vi skal se p\u00e5 samiske stedsnavn i ett historisk blikk og frem til i dag. Hun formidler historiene som ligger bak de samiske stedsnavnene og hva som kan gj\u00f8res for \u00e5 ta vare p\u00e5 samiske stedsnavn. <\/span><\/p>\n<p><span class=\"x_ContentPasted0\" dir=\"auto\">Lisa har jobbet med samiske stedsnavn i 11 \u00e5r p\u00e5 Sametinget og jobber i dag som Universitetslektor og underviser i samisk litteratur og kulturhistorie, deriblant samiske stedsnavn.<\/span><\/p>\n<p><span class=\"x_ContentPasted0\" dir=\"auto\"><strong>Turneplan<\/strong>:\u00a0 6\/2 kl. 1800 &#8211; Kulturklynga H\u00f8gtun, M\u00e5lselv. 7\/2 kl. 1800 &#8211; Bardu bibliotek. 8\/2 kl. 1900 &#8211; S\u00f8rreisa bibliotek. 9\/2 kl. 1900 &#8211; Senja bibliotek. 10\/2 kl. 1800 &#8211; Dyr\u00f8y bibliotek<\/span><\/p>\n<p>Turneansvarlig er Regionalt biblioteksamarbeid i Midt-Troms.<\/p>\n<p><strong>Samenes nasjonaldag 6. februar markeres i bibliotekene i Troms og Finnmark:<\/strong><\/p>\n<p><a href=\"https:\/\/www.ibestadbibliotek.no\/aktiviteter\/samisk-uke-pa-biblioteket\/?fbclid=IwAR3amtqpSOKGuKBYTIg6YlR1ZYicHhsVtHyZuCIQg8ads8V_bSQSjcr_AFA\">Ibestad<\/a>, <a href=\"https:\/\/www.facebook.com\/HarstadBib\">Harstad<\/a>, <a href=\"https:\/\/www.facebook.com\/profile.php?id=100064939202026\">M\u00e5lselv<\/a>, <a href=\"https:\/\/www.facebook.com\/events\/1189964291624486\">Balsfjord<\/a>, <a href=\"https:\/\/www.facebook.com\/storfjordbibliotek\">Storfjord,<\/a>\u00a0<a href=\"https:\/\/www.facebook.com\/profile.php?id=100064415183067\">Kj\u00f8llefjord<\/a>,<\/p>\n<h2 dir=\"auto\"><strong>Arrangement i lulesamisk omr\u00e5de<\/strong><\/h2>\n<p><a href=\"https:\/\/www.facebook.com\/photo?fbid=1040605497366020&amp;set=a.109363157156930\">Program samisk kulturuke i Bod\u00f8 2023:<\/a><\/p>\n<p>I samarbeid med Sametingets bibliotek, Stormen bibliotek og Stormen Samiske Senter arrangeres <a href=\"https:\/\/www.facebook.com\/events\/1104326923568892\/?acontext=%7B%22event_action_history%22%3A[%7B%22extra_data%22%3A%22%22%2C%22mechanism%22%3A%22surface%22%2C%22surface%22%3A%22create_dialog%22%7D%2C%7B%22extra_data%22%3A%22%22%2C%22mechanism%22%3A%22surface%22%2C%22surface%22%3A%22permalink%22%7D%2C%7B%22extra_data%22%3A%22%22%2C%22mechanism%22%3A%22surface%22%2C%22surface%22%3A%22edit_dialog%22%7D]%2C%22ref_notif_type%22%3Anull%7D\">presentasjon av nye b\u00f8ker om lulesamisk duodje med forfatterne Lilian Urheim og Berit Kristine Guvs\u00e1m sammen med forlaget Davvi Girji 9.2.kl 18.<\/a><\/p>\n<p><a href=\"https:\/\/arran.no\/?id=1018051654&amp;Article=1214\">Samenes nasjonaldag 2023 &#8211; Program for feiringen p\u00e5 \u00c1rran julevs\u00e1me guovd\u00e1sj\/lulesamisk senter<\/a><\/p>\n<p><a href=\"https:\/\/www.facebook.com\/Samiskbibliotek\/events\/?ref=page_internal\">Arrangement med Sametingets bibliotek i Hamar\u00f8y i samisk uke 2023:<\/a><\/p>\n<p>Lesestund for barn p\u00e5 Drag bibliotekfilial\u00a0 med forfatteren Samuel G\u00e6lok som leser fra sin nyeste bok &laquo;Virok ja B\u00e1jska&raquo; 8.2. kl 11.30.<\/p>\n<p>Presentasjon av nye b\u00f8ker om lulesamisk duodje med forfatteren Lilian Urheim og forlaget Davvi Girji. 8. 2. p\u00e5 \u00c1rran kl 18.<\/p>\n<p>Strikk og lytt -kaf\u00e9 med forfatteren Harrieth Aira som leser fra sin nye bok &laquo;Samiske kvinner og samfunnsdeltakelse&raquo; 9.2. p\u00e5 Hamar\u00f8y bibliotek kl 19.<\/p>\n<p><strong>Ellos eatnu \/ La elva leve &#8211; spillefilm om Alta-saken<\/strong><\/p>\n<p><img data-recalc-dims=\"1\" loading=\"lazy\" decoding=\"async\" class=\"size-medium wp-image-17952 alignleft\" src=\"https:\/\/i0.wp.com\/backup.gnist.dev\/sambib\/wp-content\/uploads\/2023\/01\/MER20210066_64662.jpg?resize=200%2C300&#038;ssl=1\" alt=\"\" width=\"200\" height=\"300\" srcset=\"https:\/\/i0.wp.com\/backup.gnist.dev\/sambib\/wp-content\/uploads\/2023\/01\/MER20210066_64662.jpg?resize=200%2C300&amp;ssl=1 200w, https:\/\/i0.wp.com\/backup.gnist.dev\/sambib\/wp-content\/uploads\/2023\/01\/MER20210066_64662.jpg?w=336&amp;ssl=1 336w\" sizes=\"auto, (max-width: 200px) 100vw, 200px\" \/>3. februar har Ola Gi\u00e6vers kritikerroste spillefilm <a href=\"https:\/\/www.youtube.com\/watch?v=UNjMCiamt6w\">Ellos eatnu\/La elva leve<\/a> norgespremiere. <a href=\"https:\/\/snl.no\/Alta-saken\">Alta-saken<\/a> er tema i filmen.\u00a0 <a href=\"https:\/\/no.wikipedia.org\/wiki\/Ella_Marie_H%C3%A6tta_Isaksen\">Ella Marie H\u00e6tta Isaksen<\/a> spiller hovedrollen som Ester. Hun flytter til Alta h\u00f8sten 1979 og begynner i sin f\u00f8rste jobb som l\u00e6rervikar. For \u00e5 passe inn i kollegiet holder hun sin samiske bakgrunn skjult. Esters fetter er sameaktivist og deltar i demonstrasjonene mot det planlagte vannkraftverket i Altaelva. N\u00e5r Ester blir med ham til protestleiren starter hennes oppv\u00e5kning og reise ut av skammen. Hun kaster seg inn i en konfliktfylt kamp for bevaring av elva og for retten til \u00e5 v\u00e6re seg selv.<\/p>\n<p><strong>Litteratur om Altakampen<\/strong><\/p>\n<p><a href=\"https:\/\/backup.gnist.dev\/sambib\/2022\/03\/08\/niillas-a-somby-i-ulvens-time\/\">Somby, N. A.: I ulvens time <\/a>(2022)<\/p>\n<p><a href=\"https:\/\/backup.gnist.dev\/sambib\/2016\/07\/08\/niillas-a-somby-gumppe-diimmus\/\">Somby, N. A.: Gumppe diimmus<\/a> (2016)<\/p>\n<p><a href=\"https:\/\/backup.gnist.dev\/sambib\/2019\/12\/13\/alfred-nilsen-altakampen-miljokampens-storste-folkereisning\/\">Nilsen, A.: Altakampen &#8211; milj\u00f8kampens st\u00f8rste folkereisning<\/a> (2019)<\/p>\n<p><a href=\"https:\/\/backup.gnist.dev\/sambib\/2010\/06\/11\/john-t-solbakk-altta-guovdageainnu-stuimmi-birrakampen-om-alta-kautokeino-elva\/\">John T. Solbakk: \u00c1ltt\u00e1-Guovdageainnu stuimmi birra\/Kampen om Alta-Kautokeino elva<\/a> (2010)<\/p>\n<p><a href=\"https:\/\/www.nb.no\/items\/be006a650721a8b33441d3563f01e947?page=0&amp;searchText=Alta%20kraftkampen\">Hjorthol, L. M. : Alta &#8211; kraftkampen som utfordret statens makt<\/a> (2006)<\/p>\n<p><a href=\"https:\/\/www.nb.no\/items\/7801529f73006da91c3150250ce6e1d3?page=0&amp;searchText=altasaken\">Dalland, \u00d8. Altakr\u00f8nike<\/a> (1994) tilgjengelig i nettbiblioteket<\/p>\n<p><a href=\"https:\/\/www.nb.no\/items\/aa776149cb8ea4779a9cad7072fb3e38?page=0&amp;searchText=altasaken\">Dalland, \u00d8.: Demningen &#8211; en Altasaga<\/a> (1989) tilgjengelig i nettbiblioteket<\/p>\n<p><a href=\"https:\/\/www.nb.no\/items\/a5e1f3af6ecea3d2e622594e0eb3a5ea?page=0&amp;searchText=stormen%20om%20stilla\">Hansen, J. D.: Stormen om Stilla<\/a> (1981) tilgjengelig i nettbiblioteket<\/p>\n<p><a href=\"https:\/\/www.nb.no\/items\/d4d5153a981421e02c4068cd794c1795?page=0&amp;searchText=altasaken\">Samisk mot &#8211; norsk hovmod<\/a> (1981) tilgjengelig i nettbiblioteket<\/p>\n<p><a href=\"https:\/\/www.nb.no\/items\/e7cb05a176b834c9f81f435a78e404e8?page=0&amp;searchText=altasaken\">Alta-bilder &#8211; 12 \u00e5rs kamp for Alta-Kautokeinovassdrage<\/a>t (1981)<\/p>\n<p><a href=\"https:\/\/radio.nrk.no\/podkast\/hele_historien\/sesong\/alta-aksjonen\"><strong>Alta-aksjonen<\/strong> <\/a>(Hele historien, Podkast &#8211; 3 episoder, NRK Radio)<\/p>\n<h2><strong>Digitale ressurser<\/strong><\/h2>\n<p>Historien om det samiske flagget:\u00a0<strong><a href=\"https:\/\/snl.no\/Sameflagget\">Sameflagget<\/a><\/strong>\u00a0(SNL)<\/p>\n<p><strong>Ressurssider om samenes nasjonaldag<\/strong>:<br \/>\n<a href=\"https:\/\/nordligefolk.no\/sjosamene\/historie-religion\/samenes-nasjonaldag\/\">Samenes nasjonaldag\u00a0<\/a>\u2013 Sj\u00f8sameportalen, Nordlige folk<br \/>\n<a href=\"https:\/\/sametinget.no\/om-sametinget\/nasjonaldag-og-nasjonale-symboler\/\">Nasjonaldag og nasjonale symboler<\/a> \u2013 Sametinget<br \/>\n<a href=\"https:\/\/www.fn.no\/Om-FN\/FN-dager\/Kalender\/Samenes-nasjonaldag\">Samenes nasjonaldag<\/a>\u00a0(fn.no)<br \/>\n<a href=\"https:\/\/gaavnoes.no\/2021\/01\/tips6februar\/?fbclid=IwAR04dBUIb2Nw55kSUQX5KZr235R2MUl40dYYRyEQlYFzZG86O_LYzVip4as\">Tips til 6. februar i skole og barnehage<\/a> (Gaavnoes &#8211; s\u00f8rsamisk digitalt)<br \/>\n<a href=\"https:\/\/ovttas.no\/nb\/artihkal_samenes-nasjonaldag?fbclid=IwAR2AR4wwKMOiq_IMzwNVVwvXp70-SBUtDuBY78vr6ulgytLKIjz8oK-4RLk\">Samenes nasjonaldag &#8211; liste over ressurser som omhandler samenes nasjonaldag 6. februar<\/a> (Ovttas.no)<\/p>\n<p>&nbsp;<\/p>\n<p><a href=\"https:\/\/nuohtti.com\/\"><strong><img data-recalc-dims=\"1\" loading=\"lazy\" decoding=\"async\" class=\"wp-image-17982 alignleft\" src=\"https:\/\/i0.wp.com\/backup.gnist.dev\/sambib\/wp-content\/uploads\/2023\/02\/Nuohtti_logo_WEB_RGB.png?resize=91%2C88&#038;ssl=1\" alt=\"\" width=\"91\" height=\"88\" srcset=\"https:\/\/i0.wp.com\/backup.gnist.dev\/sambib\/wp-content\/uploads\/2023\/02\/Nuohtti_logo_WEB_RGB.png?resize=300%2C289&amp;ssl=1 300w, https:\/\/i0.wp.com\/backup.gnist.dev\/sambib\/wp-content\/uploads\/2023\/02\/Nuohtti_logo_WEB_RGB.png?resize=768%2C739&amp;ssl=1 768w, https:\/\/i0.wp.com\/backup.gnist.dev\/sambib\/wp-content\/uploads\/2023\/02\/Nuohtti_logo_WEB_RGB.png?w=967&amp;ssl=1 967w\" sizes=\"auto, (max-width: 91px) 100vw, 91px\" \/>Nuohtti<\/strong><\/a> &#8211; s\u00f8keportal for samisk arkivmateriale<\/p>\n<p>I denne portalen kan du s\u00f8ke og bla i digitalt arkivmateriale fra hele Europa knyttet til samer og det samiske.<\/p>\n<p><strong>Podkaster:<\/strong><\/p>\n<p><strong><a href=\"https:\/\/radio.nrk.no\/kategori\/samisk\">S\u00e1pmi<\/a><\/strong> (podkaster og annet innhold om samer eller p\u00e5 samiske spr\u00e5k p\u00e5 NRK Radio) Inneholder blant annet podcastserien<strong> <a href=\"https:\/\/radio.nrk.no\/serie\/norgeshistorie\/KMTE87005121\">Samenes historie<\/a><\/strong> (Norgeshistorien fra et samisk perspektiv. Hvordan ble samisk kultur til? Hvordan overlevde den press fra staten og storsamfunnet? Hvordan ble samer et urfolk? )og<strong><a href=\"https:\/\/radio.nrk.no\/podkast\/gozuid_alde\/l_2b3fbe2a-c351-4d90-bfbe-2ac3514d90b6\"> Gozuid alde<\/a>\u00a0<\/strong>( hvor Ella Marie Isaksen H\u00e6tta og Sajja Solbakk samtaler med unge samer om aktuelle og gjerne tabubelagte temaer. De \u00f8nsker \u00e5 medvirke til mer \u00e5penhet i S\u00e1pmi. Den kan ogs\u00e5 ses i tekstet versjon i <a href=\"https:\/\/tv.nrk.no\/serie\/gozuid-alde-paa-tv\/sesong\/2\">NRK TV<\/a>).<\/p>\n<p><a href=\"https:\/\/samesystrar.se\/\"><strong>Samesystrar<\/strong><\/a> (Podkast av <a href=\"https:\/\/samesystrar.se\/vem\/\">Anne-Marja Persson<\/a> som hedrer og l\u00f8ftrer frem sterke samisk kvinner. Persson i samtale med blant andre forfatterne <a href=\"https:\/\/samesystrar.se\/stina-inga\/\">Stina Inga<\/a>, <a href=\"https:\/\/samesystrar.se\/elin-anna-labba\/\">Elin Anna Labba<\/a> og <a href=\"https:\/\/samesystrar.se\/anne-wuolab\/\">Anne Wuolab<\/a>)<\/p>\n<p><strong><a href=\"https:\/\/open.spotify.com\/show\/7EUrA8slmIV54uKWfBkk36?fbclid=IwAR2zHHpkxCRXbwaSrpIE7CKBoiqkyCnFTbsuRwSMpjXXO7PyajDxFxzSp5Q\">RiddoDuottarMuseat<\/a> <\/strong>(Museumspodkast)<\/p>\n<p><strong>Filmer:<\/strong><\/p>\n<p><strong><a href=\"https:\/\/www.sapmifilm.com\/\">Sapmifilm<\/a><\/strong>\u00a0(streamingtjeneste laget av ISFI for samiske filmer. 59 NOK i m\u00e5neden)<\/p>\n<p><strong><a href=\"https:\/\/filmbib.no\/search?q=samisk\">Filmbib<\/a>\u00a0<\/strong>(filmer p\u00e5 samisk spr\u00e5k eller relatert til samer i Filmbib. Gratis for alle med Nasjonalt l\u00e5nekort)<\/p>\n<p><a href=\"https:\/\/filmrommet.no\/film\/filmlistsfull.aspx?list=49\"><strong>Filmrommet<\/strong> <\/a>(Samiske filmer i Filmrommet &#8211; str\u00f8mmetjeneste for skoler og bibliotek)<\/p>\n<p><strong><a href=\"https:\/\/tv.nrk.no\/programmer\/samisk\">NRK<\/a> Samisk<\/strong> (TV-programmer og filmer p\u00e5 samisk eller relatert til samer i NRK sitt arkiv &#8211; inneholder blant annet dokumentarfilmene:<\/p>\n<p><strong> <a href=\"https:\/\/tv.nrk.no\/program\/KOID75004221\">Oldemors lue<\/a> &#8211; <\/strong>Pasviksamenes land og folk er splittet mellom tre stater. N\u00e5 vil Venke sy konelua oldemora bar. Da er ringen sluttet. Verden skal vite at vi finnes.<br \/>\n<a href=\"https:\/\/tv.nrk.no\/program\/KOID24005221\"><strong>V\u00e5rt land &#8211; v\u00e5r kamp<\/strong><\/a> &#8211; S\u00e5 lenge det finnes samisk land vil det finnes et samisk folk. Men som mange urfolk m\u00e5 samer i Finland kjempe for sitt land og sin eksistens.<br \/>\n<a href=\"https:\/\/tv.nrk.no\/program\/KMTE32005220\"><strong>Rah\u010dan &#8211; Ellas oppr\u00f8r<\/strong><\/a> &#8211; Den samiske artisten Ella Marie rives mellom bylivet i Oslo og r\u00f8ttene i Finnmark. Hun bestemmer seg for \u00e5 forlate byen for \u00e5 redde Repparfjord.<\/p>\n<p><strong><a href=\"https:\/\/tv.nrk.no\/program\/KOID35008320\">Historja Marakatt \u2013 Stygn for Sapmi<\/a> <\/strong>(Sm\u00e5 sting maner fram samisk historie og mytologi. Britta Marakatt-Labba har kunst som v\u00e5pen, og hennes st\u00f8rste kamp st\u00e5r n\u00e5 \u2013 mot klimaendringene. 59 min.)<\/p>\n<p><a href=\"https:\/\/tv.nrk.no\/program\/ODRS53000506\"><strong>Kautokeinooppr\u00f8ret<\/strong><\/a> (I flere hundre \u00e5r har samer bodd p\u00e5 vidda sammen med sine reinsdyr. N\u00e5 er moderne tider i ferd med \u00e5 innta den avsidesliggende landsbyen Kautokeino. Spillefilm. 1 t, 31 min.)<\/p>\n<p><a href=\"https:\/\/tv.nrk.no\/serie\/vi-lover-et-helvete\"><strong>Vi lover et helvete<\/strong> <\/a>(Ny serie i NRK &#8211; filmet i Troms\u00f8 og Alta i 2021. \u00a0Klimaskeptikeren Daniel og\u00a0 milj\u00f8aktivisten Elin forelsker seg dypt p\u00e5 tross av forskjellig politisk st\u00e5sted og ulik kulturell bakgrunn. Etter hvert er de villige til \u00e5 ofre alt for \u00e5 kunne v\u00e6re sammen.)<\/p>\n<p><strong><a href=\"https:\/\/www.svtplay.se\/kategori\/samiska-sami?tab=recommended\">SVT Play<\/a><\/strong> (Samisk innhold i SVT Play. Inneholder blant andre dokumentaren <strong><a href=\"https:\/\/www.svtplay.se\/video\/33680582\/gravplundrarna\/gravplundrarna-nordsamiska-sasong-2\">Gravplundrarna<\/a> <\/strong>(2021))<\/p>\n<p><strong><a href=\"https:\/\/nordligefolk.no\/sjosamene\/videogalleri\/\">Videogalleri Nordlige folk<\/a><\/strong> (Inneholder blant annet filmer om hvordan man lager rognbollesuppe, bl\u00f8dp\u00f8lser og blodpannekaker. )<\/p>\n<p>&nbsp;<\/p>\n<p><strong>Sametingets lesekampanje<\/strong><\/p>\n<p><strong><a href=\"https:\/\/sametinget.no\/sametingets-bibliotek\/les-for-meg-sprak-fra-forste-stund\/\">Loga munnje! L\u00e5g\u00e5 munji! Lohk munnjien! Les for meg!<\/a> <\/strong>(Sametingets biblioteks lesekampanje i samarbeid med foreningen !les ). Kommuner i Troms og Finnmark som har bestilt\u00a0 lesekampanjen er Alta, Porsanger, Karasjok, Nordkapp, S\u00f8rreisa og Tjelsund.<\/p>\n<p><a href=\"https:\/\/www.facebook.com\/117534711603841\/videos\/360429389232964\"><strong>Ella Marie H\u00e6tta Isaksen om lesing og det \u00e5 bli lest for<\/strong><\/a> (video, Foreningen !les)<\/p>\n<p>&nbsp;<\/p>\n","protected":false},"excerpt":{"rendered":"<p>6. februar feires samenes nasjonaldag i Norge, Sverige, Finland og Russland. Dagen har ogs\u00e5 navnet Samefolkets dag og Samisk folkedag. Samefolkets dag feires til minne om det f\u00f8rste samiske landsm\u00f8tet som fant sted i Trondheim 6. februar 1917. For f\u00f8rste gang m\u00f8ttes samer fra svensk og norsk side for \u00e5 arbeide for felles samiske saker &hellip; <\/p>\n<p class=\"link-more\"><a href=\"https:\/\/backup.gnist.dev\/sambib\/samenes-nasjonaldag-6-februar-og-samisk-uke-2023\/\" class=\"more-link\">Fortsett \u00e5 lese<span class=\"screen-reader-text\"> \u00abSamenes nasjonaldag 6. februar og samisk uke 2023\u00bb<\/span><\/a><\/p>\n","protected":false},"author":7,"featured_media":0,"parent":0,"menu_order":0,"comment_status":"closed","ping_status":"closed","template":"","meta":{"jetpack_post_was_ever_published":false,"footnotes":""},"class_list":["post-17836","page","type-page","status-publish","hentry"],"jetpack_sharing_enabled":true,"jetpack_shortlink":"https:\/\/wp.me\/PaButM-4DG","_links":{"self":[{"href":"https:\/\/backup.gnist.dev\/sambib\/wp-json\/wp\/v2\/pages\/17836","targetHints":{"allow":["GET"]}}],"collection":[{"href":"https:\/\/backup.gnist.dev\/sambib\/wp-json\/wp\/v2\/pages"}],"about":[{"href":"https:\/\/backup.gnist.dev\/sambib\/wp-json\/wp\/v2\/types\/page"}],"author":[{"embeddable":true,"href":"https:\/\/backup.gnist.dev\/sambib\/wp-json\/wp\/v2\/users\/7"}],"replies":[{"embeddable":true,"href":"https:\/\/backup.gnist.dev\/sambib\/wp-json\/wp\/v2\/comments?post=17836"}],"version-history":[{"count":53,"href":"https:\/\/backup.gnist.dev\/sambib\/wp-json\/wp\/v2\/pages\/17836\/revisions"}],"predecessor-version":[{"id":18048,"href":"https:\/\/backup.gnist.dev\/sambib\/wp-json\/wp\/v2\/pages\/17836\/revisions\/18048"}],"wp:attachment":[{"href":"https:\/\/backup.gnist.dev\/sambib\/wp-json\/wp\/v2\/media?parent=17836"}],"curies":[{"name":"wp","href":"https:\/\/api.w.org\/{rel}","templated":true}]}}